{"id":6,"date":"2015-04-23T07:15:38","date_gmt":"2015-04-23T06:15:38","guid":{"rendered":"http:\/\/www.agempem.org\/?page_id=6"},"modified":"2015-12-10T08:12:29","modified_gmt":"2015-12-10T07:12:29","slug":"presentation-generale","status":"publish","type":"page","link":"https:\/\/www.agempem.org\/?page_id=6","title":{"rendered":"QUI SOMMES NOUS"},"content":{"rendered":"<p>1- <strong><em>Historique de l\u2019AGEMPEM<\/em><\/strong><\/p>\n<p><em>L<\/em>\u2019Association des Groupements d\u2019Eglises et Missions Protestantes Evang\u00e9liques au Mali fut officiellement reconnue par le Gouvernement le 20 novembre 1964. Elle ne comptait que 4 membres \u00e0 l\u2019\u00e9poque notamment la CMA\/Eglise chr\u00e9tienne, GMU\/Eglise Evang\u00e9lique, Mission Baptiste \/ Eglise Evang\u00e9lique Baptiste, Mission Unie Mondiale\/ Eglise Protestante de la r\u00e9gion de Kayes. \u00a0Aujourd\u2019hui elle compte\u00a0 <del>38<\/del> membres.<\/p>\n<p>Les D\u00e9l\u00e9gu\u00e9s G\u00e9n\u00e9raux qui se sont succ\u00e9d\u00e9s sont\u00a0:<\/p>\n<p>&#8211; <strong><em>Monsieur Se DEMBELE \u00a0de 1963 \u00e0 1975. <\/em><\/strong><\/p>\n<p><strong><em>&#8211; R\u00e9v\u00e9rend \u00a0Dr. \u00a0Kassoum KEITA de 1975 \u00e0 2002 <\/em><\/strong><\/p>\n<p><strong><em>&#8211; Mr. Daniel COULIBALY de 2002 \u00e0 2013.<\/em><\/strong><\/p>\n<p><em><strong>&#8211; R\u00e9v\u00e9rend Dr. Youssouf DEMBELE de 2013 \u00e0 nos jours<\/strong><\/em><\/p>\n<p>2- <strong><em>Vision de l\u2019AGEMPEM<\/em><\/strong><\/p>\n<p>&nbsp;<\/p>\n<p><strong><em>\u00ab\u00a0Une Eglise unie et forte, engag\u00e9e dans l\u2019accomplissement de l\u2019Ordre Supr\u00eame de J\u00e9sus Christ et assumant toutes ses responsabilit\u00e9s spirituelles et sociales dans le pays<\/em><\/strong>\u00a0\u00bb<\/p>\n<p>La vision de l\u2019AGEMPEM d\u00e9coule d\u00e8s\u00a0 sa cr\u00e9ation de cette exhortation que les p\u00e8res fondateurs ont tir\u00e9e du verset suivant\u00a0:<\/p>\n<p>Philippiens 2\u00a0: 2 \u00ab\u00a0 <em><strong>Rendez ma joie parfaite, ayant un m\u00eame sentiment, un m\u00eame amour, une m\u00eame \u00e2me une m\u00eame pens\u00e9e<\/strong><\/em>\u00a0\u00bb<\/p>\n<p>&nbsp;<\/p>\n<p>3-<strong><em> Mission de l&rsquo;AGEMPEM<\/em><\/strong><\/p>\n<p>La mission de l\u2019AGEMPEM est\u00a0 de promouvoir l\u2019unit\u00e9 du corps de Christ, de rendre service \u00e0 ses membres, de les repr\u00e9senter aupr\u00e8s des autorit\u00e9s du pays et du public et de prendre\u00a0 des initiatives pour l\u2019\u00e9dification de l\u2019ensemble\u00a0 du corps de Christ et l\u2019accomplissement de l\u2019Ordre Supr\u00eame<\/p>\n<p>&nbsp;<\/p>\n<p>4- <strong><em>Les objectifs <\/em><\/strong><\/p>\n<p>Ils sont entre autres\u00a0:<\/p>\n<p>&#8211;\u00a0\u00a0\u00a0\u00a0\u00a0\u00a0\u00a0\u00a0\u00a0 La manifestation et la promotion de l\u2019unit\u00e9 du corps de Christ<\/p>\n<p>&#8211;\u00a0\u00a0\u00a0\u00a0\u00a0\u00a0\u00a0\u00a0\u00a0 Les services aux membres et \u00e0 toute la communaut\u00e9 chr\u00e9tienne<\/p>\n<p>&#8211;\u00a0\u00a0\u00a0\u00a0\u00a0\u00a0\u00a0\u00a0\u00a0 La promotion du t\u00e9moignage de Christ<\/p>\n<p>&#8211;\u00a0\u00a0\u00a0\u00a0\u00a0\u00a0\u00a0\u00a0\u00a0 Le d\u00e9veloppement de divers minist\u00e8res chr\u00e9tiens<\/p>\n<p>&#8211;\u00a0\u00a0\u00a0\u00a0\u00a0\u00a0\u00a0\u00a0\u00a0 L\u2019aide et le d\u00e9veloppement holistique et social\u00a0 du Mali<\/p>\n<p>&#8211;\u00a0\u00a0\u00a0\u00a0\u00a0\u00a0\u00a0\u00a0\u00a0 La repr\u00e9sentation de la communaut\u00e9\u00a0 protestante \u00e0 tous les niveaux d\u2019autorit\u00e9 dans le pays.<\/p>\n<p>&nbsp;<\/p>\n<p>4- <strong><em>Sujets de pri\u00e8re pour l\u2019AGEMPEM <\/em><\/strong><\/p>\n<p>Prier pour\u00a0:<\/p>\n<p>&#8211;\u00a0\u00a0\u00a0\u00a0\u00a0\u00a0\u00a0\u00a0\u00a0 L\u2019unit\u00e9 du corps de Christ au Mali<\/p>\n<p>&#8211;\u00a0\u00a0\u00a0\u00a0\u00a0\u00a0\u00a0\u00a0\u00a0 \u00a0Le salut des \u00e2mes au Mali<\/p>\n<p>&#8211;\u00a0\u00a0\u00a0\u00a0\u00a0\u00a0\u00a0\u00a0\u00a0 Le proc\u00e8s contre l\u2019AGEMPEM pour son terrain.<\/p>\n<p>&#8211;\u00a0\u00a0\u00a0\u00a0\u00a0\u00a0\u00a0\u00a0\u00a0 La lib\u00e9ralit\u00e9 des membres de l\u2019AGEMPEM<\/p>\n<p>&#8211;\u00a0\u00a0\u00a0\u00a0\u00a0\u00a0\u00a0\u00a0\u00a0 Les autorit\u00e9s administratives et politiques de notre pays.<\/p>\n<p>&#8211;\u00a0\u00a0\u00a0\u00a0\u00a0\u00a0\u00a0\u00a0\u00a0 Le redressement du BADS et l\u2019obtention de partenaires au d\u00e9veloppement<\/p>\n<p>&#8211;\u00a0\u00a0\u00a0\u00a0\u00a0\u00a0\u00a0\u00a0\u00a0 L\u2019obtention de partenaires pour les projets du Comit\u00e9 Ex\u00e9cutif.<\/p>\n<p>&#8211;\u00a0\u00a0\u00a0\u00a0\u00a0\u00a0\u00a0\u00a0\u00a0 Le r\u00e9veil spirituel de l\u2019ensemble ses Eglises au Mali<\/p>\n<p>&nbsp;<\/p>\n","protected":false},"excerpt":{"rendered":"<p>1- Historique de l\u2019AGEMPEM L\u2019Association des Groupements d\u2019Eglises et Missions Protestantes Evang\u00e9liques au Mali fut officiellement reconnue par le Gouvernement le 20 novembre 1964. Elle ne comptait que 4 membres <a class=\"more-link\" href=\"https:\/\/www.agempem.org\/?page_id=6\">Lire la suite &rarr;<\/a><\/p>\n","protected":false},"author":1,"featured_media":55,"parent":0,"menu_order":0,"comment_status":"open","ping_status":"closed","template":"","meta":{"footnotes":""},"_links":{"self":[{"href":"https:\/\/www.agempem.org\/index.php?rest_route=\/wp\/v2\/pages\/6"}],"collection":[{"href":"https:\/\/www.agempem.org\/index.php?rest_route=\/wp\/v2\/pages"}],"about":[{"href":"https:\/\/www.agempem.org\/index.php?rest_route=\/wp\/v2\/types\/page"}],"author":[{"embeddable":true,"href":"https:\/\/www.agempem.org\/index.php?rest_route=\/wp\/v2\/users\/1"}],"replies":[{"embeddable":true,"href":"https:\/\/www.agempem.org\/index.php?rest_route=%2Fwp%2Fv2%2Fcomments&post=6"}],"version-history":[{"count":5,"href":"https:\/\/www.agempem.org\/index.php?rest_route=\/wp\/v2\/pages\/6\/revisions"}],"predecessor-version":[{"id":93,"href":"https:\/\/www.agempem.org\/index.php?rest_route=\/wp\/v2\/pages\/6\/revisions\/93"}],"wp:featuredmedia":[{"embeddable":true,"href":"https:\/\/www.agempem.org\/index.php?rest_route=\/wp\/v2\/media\/55"}],"wp:attachment":[{"href":"https:\/\/www.agempem.org\/index.php?rest_route=%2Fwp%2Fv2%2Fmedia&parent=6"}],"curies":[{"name":"wp","href":"https:\/\/api.w.org\/{rel}","templated":true}]}}